{"id":977,"date":"2015-03-09T14:19:03","date_gmt":"2015-03-09T13:19:03","guid":{"rendered":"http:\/\/www.fehervar-arpadfurdo.hu\/?page_id=977"},"modified":"2023-01-05T12:03:47","modified_gmt":"2023-01-05T11:03:47","slug":"rest-rooms","status":"publish","type":"page","link":"https:\/\/www.fehervar-arpadfurdo.hu\/en\/services\/rest-rooms\/","title":{"rendered":"Conference room"},"content":{"rendered":"<div class=\"articleIntro\">\n<p>\u00a0Our conference room is called &#8220;Blaha Lujza room&#8221;, because it turned out from historical descriptions, that she was a regular visitor here, back in the 1900&#8217;s.<\/p>\n<ul>\n<li>The room is located next to the reception<\/li>\n<li>The size of the area is 90 m<sup>2<\/sup><\/li>\n<li>It has it&#8217;s own toilet and cubicles<\/li>\n<li>Near to the conference room can be found a 16 m<sup>2<\/sup> wide area, which can be useful for several occasions, for example to organize Swedish table meals<\/li>\n<li>The room is equipped with sound technology (projektor, wifi, microphone, hi-fi, mixing desk)<\/li>\n<li>There are 80 chairs and 10 table for 6 people. If necessary, we can expand further. Using a laptop ( it&#8217;s not an equipment here), a<strong> Karaoke<\/strong> party can be arranged.<\/li>\n<li>It&#8217;s suitable for birthday parties, weddings, presentations, sports activities, for yoga and for many other things as well<\/li>\n<li>The room has it&#8217;s own fridge for those who are there<\/li>\n<li>White tablecloths can be rented for 600 Huf+VAT\/piece<\/li>\n<li>2 dl glass cups can be rented for 50 Huf+VAT\/piece<\/li>\n<\/ul>\n<\/div>\n<div class=\"articleBody\">\n<p><strong>Prices:<\/strong><\/p>\n<p>10.000,- Huf + VAT \/ hour, \u00a0in case of 1 hour renting<br \/>\n8.000,- Huf+ VAT \/ hour, in case of 2-6 hours renting<br \/>\n50.000,- Huf+ VAT \/ day, in case of all day renting (as long as the spa is opened)<\/p>\n<p>After 21.00 hour: 20.000 Huf+ VAT\/hour<\/p>\n<p>In case of multi-day use, we give an individualized offer. We are also happy to take place in catering, since we are in contact with local restaurants of different price categories.<\/p>\n<p>Attention! Our spa is commited to the separate collection of waste, so during the event, please use the storage facilities and do not mix food-contaminated plates and cutlery, with the materials that can be collected separately.<\/p>\n<p><a href=\"http:\/\/www.fehervar-arpadfurdo.hu\/wp-content\/uploads\/2015\/02\/blaha_lujza_terem_2.jpg\" data-rel=\"lightbox-image-0\" data-rl_title=\"\" data-rl_caption=\"\" title=\"\"><img loading=\"lazy\" decoding=\"async\" class=\"alignnone wp-image-521\" src=\"http:\/\/www.fehervar-arpadfurdo.hu\/wp-content\/uploads\/2015\/02\/blaha_lujza_terem_2-490x325.jpg\" alt=\"blaha_lujza_terem_2\" width=\"400\" height=\"265\" srcset=\"https:\/\/www.fehervar-arpadfurdo.hu\/wp-content\/uploads\/2015\/02\/blaha_lujza_terem_2-490x325.jpg 490w, https:\/\/www.fehervar-arpadfurdo.hu\/wp-content\/uploads\/2015\/02\/blaha_lujza_terem_2-300x199.jpg 300w, https:\/\/www.fehervar-arpadfurdo.hu\/wp-content\/uploads\/2015\/02\/blaha_lujza_terem_2-768x509.jpg 768w, https:\/\/www.fehervar-arpadfurdo.hu\/wp-content\/uploads\/2015\/02\/blaha_lujza_terem_2.jpg 1024w\" sizes=\"auto, (max-width: 400px) 100vw, 400px\" \/><\/a>\u00a0\u00a0<a href=\"http:\/\/www.fehervar-arpadfurdo.hu\/wp-content\/uploads\/2015\/02\/blaha_lujza_terem.jpg\" data-rel=\"lightbox-image-1\" data-rl_title=\"\" data-rl_caption=\"\" title=\"\"><img loading=\"lazy\" decoding=\"async\" class=\"alignnone wp-image-522\" src=\"http:\/\/www.fehervar-arpadfurdo.hu\/wp-content\/uploads\/2015\/02\/blaha_lujza_terem-490x325.jpg\" alt=\"\" width=\"400\" height=\"265\" srcset=\"https:\/\/www.fehervar-arpadfurdo.hu\/wp-content\/uploads\/2015\/02\/blaha_lujza_terem-490x325.jpg 490w, https:\/\/www.fehervar-arpadfurdo.hu\/wp-content\/uploads\/2015\/02\/blaha_lujza_terem-300x199.jpg 300w, https:\/\/www.fehervar-arpadfurdo.hu\/wp-content\/uploads\/2015\/02\/blaha_lujza_terem-768x509.jpg 768w, https:\/\/www.fehervar-arpadfurdo.hu\/wp-content\/uploads\/2015\/02\/blaha_lujza_terem.jpg 800w\" sizes=\"auto, (max-width: 400px) 100vw, 400px\" \/><\/a><\/p>\n<p><strong>Information: +36 22\/814-400<\/strong><\/p>\n<p>&nbsp;<\/p>\n<p><iframe loading=\"lazy\" src=\"http:\/\/www.youtube.com\/embed\/NxED8Zv1HrE\" width=\"480\" height=\"360\" frameborder=\"0\"><\/iframe><\/p>\n<p>&nbsp;<\/p>\n<\/div>\n<p>&nbsp;<\/p>\n<p>&nbsp;<\/p>\n<h3><\/h3>\n","protected":false},"excerpt":{"rendered":"<p>\u00a0Our conference room is called &#8220;Blaha Lujza room&#8221;, because it turned out from historical descriptions, that she was a regular visitor here, back in the 1900&#8217;s. The room is located next to the reception The size of the area is 90 m2 It has it&#8217;s own toilet and cubicles Near to the conference room can [&hellip;]<\/p>\n","protected":false},"author":1,"featured_media":0,"parent":975,"menu_order":0,"comment_status":"closed","ping_status":"open","template":"","meta":{"footnotes":""},"class_list":["post-977","page","type-page","status-publish","hentry"],"yoast_head":"<!-- This site is optimized with the Yoast SEO plugin v27.1.1 - https:\/\/yoast.com\/product\/yoast-seo-wordpress\/ -->\n<title>Conference room - Sz\u00e9kesfeh\u00e9rv\u00e1ri \u00c1rp\u00e1d F\u00fcrd\u0151<\/title>\n<meta name=\"robots\" content=\"index, follow, max-snippet:-1, max-image-preview:large, max-video-preview:-1\" \/>\n<link rel=\"canonical\" href=\"https:\/\/www.fehervar-arpadfurdo.hu\/en\/services\/rest-rooms\/\" \/>\n<meta property=\"og:locale\" content=\"en_US\" \/>\n<meta property=\"og:type\" content=\"article\" \/>\n<meta property=\"og:title\" content=\"Conference room - Sz\u00e9kesfeh\u00e9rv\u00e1ri \u00c1rp\u00e1d F\u00fcrd\u0151\" \/>\n<meta property=\"og:description\" content=\"\u00a0Our conference room is called &#8220;Blaha Lujza room&#8221;, because it turned out from historical descriptions, that she was a regular visitor here, back in the 1900&#8217;s. The room is located next to the reception The size of the area is 90 m2 It has it&#8217;s own toilet and cubicles Near to the conference room can [&hellip;]\" \/>\n<meta property=\"og:url\" content=\"https:\/\/www.fehervar-arpadfurdo.hu\/en\/services\/rest-rooms\/\" \/>\n<meta property=\"og:site_name\" content=\"Sz\u00e9kesfeh\u00e9rv\u00e1ri \u00c1rp\u00e1d F\u00fcrd\u0151\" \/>\n<meta property=\"article:publisher\" content=\"https:\/\/www.facebook.com\/arpadfurdo\/\" \/>\n<meta property=\"article:modified_time\" content=\"2023-01-05T11:03:47+00:00\" \/>\n<meta property=\"og:image\" content=\"http:\/\/www.fehervar-arpadfurdo.hu\/wp-content\/uploads\/2015\/02\/blaha_lujza_terem_2-490x325.jpg\" \/>\n<meta name=\"twitter:label1\" content=\"Est. reading time\" \/>\n\t<meta name=\"twitter:data1\" content=\"2 minutes\" \/>\n<script type=\"application\/ld+json\" class=\"yoast-schema-graph\">{\"@context\":\"https:\/\/schema.org\",\"@graph\":[{\"@type\":\"WebPage\",\"@id\":\"https:\/\/www.fehervar-arpadfurdo.hu\/en\/services\/rest-rooms\/\",\"url\":\"https:\/\/www.fehervar-arpadfurdo.hu\/en\/services\/rest-rooms\/\",\"name\":\"Conference room - Sz\u00e9kesfeh\u00e9rv\u00e1ri \u00c1rp\u00e1d F\u00fcrd\u0151\",\"isPartOf\":{\"@id\":\"https:\/\/www.fehervar-arpadfurdo.hu\/#website\"},\"primaryImageOfPage\":{\"@id\":\"https:\/\/www.fehervar-arpadfurdo.hu\/en\/services\/rest-rooms\/#primaryimage\"},\"image\":{\"@id\":\"https:\/\/www.fehervar-arpadfurdo.hu\/en\/services\/rest-rooms\/#primaryimage\"},\"thumbnailUrl\":\"http:\/\/www.fehervar-arpadfurdo.hu\/wp-content\/uploads\/2015\/02\/blaha_lujza_terem_2-490x325.jpg\",\"datePublished\":\"2015-03-09T13:19:03+00:00\",\"dateModified\":\"2023-01-05T11:03:47+00:00\",\"breadcrumb\":{\"@id\":\"https:\/\/www.fehervar-arpadfurdo.hu\/en\/services\/rest-rooms\/#breadcrumb\"},\"inLanguage\":\"en-US\",\"potentialAction\":[{\"@type\":\"ReadAction\",\"target\":[\"https:\/\/www.fehervar-arpadfurdo.hu\/en\/services\/rest-rooms\/\"]}]},{\"@type\":\"ImageObject\",\"inLanguage\":\"en-US\",\"@id\":\"https:\/\/www.fehervar-arpadfurdo.hu\/en\/services\/rest-rooms\/#primaryimage\",\"url\":\"http:\/\/www.fehervar-arpadfurdo.hu\/wp-content\/uploads\/2015\/02\/blaha_lujza_terem_2-490x325.jpg\",\"contentUrl\":\"http:\/\/www.fehervar-arpadfurdo.hu\/wp-content\/uploads\/2015\/02\/blaha_lujza_terem_2-490x325.jpg\"},{\"@type\":\"BreadcrumbList\",\"@id\":\"https:\/\/www.fehervar-arpadfurdo.hu\/en\/services\/rest-rooms\/#breadcrumb\",\"itemListElement\":[{\"@type\":\"ListItem\",\"position\":1,\"name\":\"Kezd\u0151lap\",\"item\":\"https:\/\/www.fehervar-arpadfurdo.hu\/en\/\"},{\"@type\":\"ListItem\",\"position\":2,\"name\":\"Services\",\"item\":\"https:\/\/www.fehervar-arpadfurdo.hu\/en\/services\/\"},{\"@type\":\"ListItem\",\"position\":3,\"name\":\"Conference room\"}]},{\"@type\":\"WebSite\",\"@id\":\"https:\/\/www.fehervar-arpadfurdo.hu\/#website\",\"url\":\"https:\/\/www.fehervar-arpadfurdo.hu\/\",\"name\":\"Sz\u00e9kesfeh\u00e9rv\u00e1ri \u00c1rp\u00e1d F\u00fcrd\u0151\",\"description\":\"Mes\u00e9s \u00e9lm\u00e9ny a belv\u00e1ros sz\u00edv\u00e9ben\",\"potentialAction\":[{\"@type\":\"SearchAction\",\"target\":{\"@type\":\"EntryPoint\",\"urlTemplate\":\"https:\/\/www.fehervar-arpadfurdo.hu\/?s={search_term_string}\"},\"query-input\":{\"@type\":\"PropertyValueSpecification\",\"valueRequired\":true,\"valueName\":\"search_term_string\"}}],\"inLanguage\":\"en-US\"}]}<\/script>\n<!-- \/ Yoast SEO plugin. -->","yoast_head_json":{"title":"Conference room - Sz\u00e9kesfeh\u00e9rv\u00e1ri \u00c1rp\u00e1d F\u00fcrd\u0151","robots":{"index":"index","follow":"follow","max-snippet":"max-snippet:-1","max-image-preview":"max-image-preview:large","max-video-preview":"max-video-preview:-1"},"canonical":"https:\/\/www.fehervar-arpadfurdo.hu\/en\/services\/rest-rooms\/","og_locale":"en_US","og_type":"article","og_title":"Conference room - Sz\u00e9kesfeh\u00e9rv\u00e1ri \u00c1rp\u00e1d F\u00fcrd\u0151","og_description":"\u00a0Our conference room is called &#8220;Blaha Lujza room&#8221;, because it turned out from historical descriptions, that she was a regular visitor here, back in the 1900&#8217;s. The room is located next to the reception The size of the area is 90 m2 It has it&#8217;s own toilet and cubicles Near to the conference room can [&hellip;]","og_url":"https:\/\/www.fehervar-arpadfurdo.hu\/en\/services\/rest-rooms\/","og_site_name":"Sz\u00e9kesfeh\u00e9rv\u00e1ri \u00c1rp\u00e1d F\u00fcrd\u0151","article_publisher":"https:\/\/www.facebook.com\/arpadfurdo\/","article_modified_time":"2023-01-05T11:03:47+00:00","og_image":[{"url":"http:\/\/www.fehervar-arpadfurdo.hu\/wp-content\/uploads\/2015\/02\/blaha_lujza_terem_2-490x325.jpg","type":"","width":"","height":""}],"twitter_misc":{"Est. reading time":"2 minutes"},"schema":{"@context":"https:\/\/schema.org","@graph":[{"@type":"WebPage","@id":"https:\/\/www.fehervar-arpadfurdo.hu\/en\/services\/rest-rooms\/","url":"https:\/\/www.fehervar-arpadfurdo.hu\/en\/services\/rest-rooms\/","name":"Conference room - Sz\u00e9kesfeh\u00e9rv\u00e1ri \u00c1rp\u00e1d F\u00fcrd\u0151","isPartOf":{"@id":"https:\/\/www.fehervar-arpadfurdo.hu\/#website"},"primaryImageOfPage":{"@id":"https:\/\/www.fehervar-arpadfurdo.hu\/en\/services\/rest-rooms\/#primaryimage"},"image":{"@id":"https:\/\/www.fehervar-arpadfurdo.hu\/en\/services\/rest-rooms\/#primaryimage"},"thumbnailUrl":"http:\/\/www.fehervar-arpadfurdo.hu\/wp-content\/uploads\/2015\/02\/blaha_lujza_terem_2-490x325.jpg","datePublished":"2015-03-09T13:19:03+00:00","dateModified":"2023-01-05T11:03:47+00:00","breadcrumb":{"@id":"https:\/\/www.fehervar-arpadfurdo.hu\/en\/services\/rest-rooms\/#breadcrumb"},"inLanguage":"en-US","potentialAction":[{"@type":"ReadAction","target":["https:\/\/www.fehervar-arpadfurdo.hu\/en\/services\/rest-rooms\/"]}]},{"@type":"ImageObject","inLanguage":"en-US","@id":"https:\/\/www.fehervar-arpadfurdo.hu\/en\/services\/rest-rooms\/#primaryimage","url":"http:\/\/www.fehervar-arpadfurdo.hu\/wp-content\/uploads\/2015\/02\/blaha_lujza_terem_2-490x325.jpg","contentUrl":"http:\/\/www.fehervar-arpadfurdo.hu\/wp-content\/uploads\/2015\/02\/blaha_lujza_terem_2-490x325.jpg"},{"@type":"BreadcrumbList","@id":"https:\/\/www.fehervar-arpadfurdo.hu\/en\/services\/rest-rooms\/#breadcrumb","itemListElement":[{"@type":"ListItem","position":1,"name":"Kezd\u0151lap","item":"https:\/\/www.fehervar-arpadfurdo.hu\/en\/"},{"@type":"ListItem","position":2,"name":"Services","item":"https:\/\/www.fehervar-arpadfurdo.hu\/en\/services\/"},{"@type":"ListItem","position":3,"name":"Conference room"}]},{"@type":"WebSite","@id":"https:\/\/www.fehervar-arpadfurdo.hu\/#website","url":"https:\/\/www.fehervar-arpadfurdo.hu\/","name":"Sz\u00e9kesfeh\u00e9rv\u00e1ri \u00c1rp\u00e1d F\u00fcrd\u0151","description":"Mes\u00e9s \u00e9lm\u00e9ny a belv\u00e1ros sz\u00edv\u00e9ben","potentialAction":[{"@type":"SearchAction","target":{"@type":"EntryPoint","urlTemplate":"https:\/\/www.fehervar-arpadfurdo.hu\/?s={search_term_string}"},"query-input":{"@type":"PropertyValueSpecification","valueRequired":true,"valueName":"search_term_string"}}],"inLanguage":"en-US"}]}},"_links":{"self":[{"href":"https:\/\/www.fehervar-arpadfurdo.hu\/en\/wp-json\/wp\/v2\/pages\/977","targetHints":{"allow":["GET"]}}],"collection":[{"href":"https:\/\/www.fehervar-arpadfurdo.hu\/en\/wp-json\/wp\/v2\/pages"}],"about":[{"href":"https:\/\/www.fehervar-arpadfurdo.hu\/en\/wp-json\/wp\/v2\/types\/page"}],"author":[{"embeddable":true,"href":"https:\/\/www.fehervar-arpadfurdo.hu\/en\/wp-json\/wp\/v2\/users\/1"}],"replies":[{"embeddable":true,"href":"https:\/\/www.fehervar-arpadfurdo.hu\/en\/wp-json\/wp\/v2\/comments?post=977"}],"version-history":[{"count":12,"href":"https:\/\/www.fehervar-arpadfurdo.hu\/en\/wp-json\/wp\/v2\/pages\/977\/revisions"}],"predecessor-version":[{"id":13568,"href":"https:\/\/www.fehervar-arpadfurdo.hu\/en\/wp-json\/wp\/v2\/pages\/977\/revisions\/13568"}],"up":[{"embeddable":true,"href":"https:\/\/www.fehervar-arpadfurdo.hu\/en\/wp-json\/wp\/v2\/pages\/975"}],"wp:attachment":[{"href":"https:\/\/www.fehervar-arpadfurdo.hu\/en\/wp-json\/wp\/v2\/media?parent=977"}],"curies":[{"name":"wp","href":"https:\/\/api.w.org\/{rel}","templated":true}]}}